{"id":1367,"date":"2025-04-09T04:50:01","date_gmt":"2025-04-09T02:50:01","guid":{"rendered":"https:\/\/hotel.juliocruz.es\/?page_id=1367"},"modified":"2025-04-19T15:16:23","modified_gmt":"2025-04-19T13:16:23","slug":"enviar-curriculum","status":"publish","type":"page","link":"https:\/\/hoteleuropalace.com\/oficina\/enviar-curriculum\/","title":{"rendered":"Enviar Curr\u00edculum"},"content":{"rendered":"\n<p>Si deseas hacernos llegar tu curr\u00edculo al responsable de recursos humanos de administraci\u00f3n del Hotel Europalace, usa el siguiente formulario.<\/p>\n\n\n\n<div id=\"wp-block-themeisle-blocks-button-group-09ae851a\" class=\"wp-block-themeisle-blocks-button-group wp-block-buttons\">\n<div id=\"wp-block-themeisle-blocks-button-5df95504\" class=\"wp-block-themeisle-blocks-button wp-block-button\"><a href=\"https:\/\/hoteleuropalace.com\/oficina\/contactar\/\" target=\"_self\" rel=\"noopener noreferrer\" class=\"wp-block-button__link\"><span>Contactar<\/span><\/a><\/div>\n\n\n\n<div id=\"wp-block-themeisle-blocks-button-9035b279\" class=\"wp-block-themeisle-blocks-button wp-block-button\"><a href=\"https:\/\/hoteleuropalace.com\/oficina\/bolsa-de-empleo\/\" target=\"_self\" rel=\"noopener noreferrer\" class=\"wp-block-button__link\"><span>Ofertas de trabajo<\/span><\/a><\/div>\n\n\n\n<div id=\"wp-block-themeisle-blocks-button-8fad3517\" class=\"wp-block-themeisle-blocks-button wp-block-button\"><a href=\"https:\/\/hoteleuropalace.com\/oficina\/rgpd\/\" target=\"_self\" rel=\"noopener noreferrer\" class=\"wp-block-button__link\"><span>Protecci\u00f3n de datos<\/span><\/a><\/div>\n<\/div>\n\n\n\n<div class=\"wpcf7 no-js\" id=\"wpcf7-f1114-o1\" lang=\"es-ES\" dir=\"ltr\" data-wpcf7-id=\"1114\">\n<div class=\"screen-reader-response\"><p role=\"status\" aria-live=\"polite\" aria-atomic=\"true\"><\/p> <ul><\/ul><\/div>\n<form action=\"\/oficina\/wp-json\/wp\/v2\/pages\/1367#wpcf7-f1114-o1\" method=\"post\" class=\"wpcf7-form init cf7skins cf7s-seaspray\" aria-label=\"Formulario de contacto\" novalidate=\"novalidate\" data-status=\"init\">\n<fieldset class=\"hidden-fields-container\"><input type=\"hidden\" name=\"_wpcf7\" value=\"1114\" \/><input type=\"hidden\" name=\"_wpcf7_version\" value=\"6.1.5\" \/><input type=\"hidden\" name=\"_wpcf7_locale\" value=\"es_ES\" \/><input type=\"hidden\" name=\"_wpcf7_unit_tag\" value=\"wpcf7-f1114-o1\" \/><input type=\"hidden\" name=\"_wpcf7_container_post\" value=\"0\" \/><input type=\"hidden\" name=\"_wpcf7_posted_data_hash\" value=\"\" \/>\n<\/fieldset>\n<label> Su nombre\n    <span class=\"wpcf7-form-control-wrap\" data-name=\"your-name\"><input size=\"40\" maxlength=\"400\" class=\"wpcf7-form-control wpcf7-text wpcf7-validates-as-required\" autocomplete=\"name\" aria-required=\"true\" aria-invalid=\"false\" value=\"\" type=\"text\" name=\"your-name\" \/><\/span> <\/label>\n\n<label> Su correo electr\u00f3nico\n    <span class=\"wpcf7-form-control-wrap\" data-name=\"your-email\"><input size=\"40\" maxlength=\"400\" class=\"wpcf7-form-control wpcf7-email wpcf7-validates-as-required wpcf7-text wpcf7-validates-as-email\" autocomplete=\"email\" aria-required=\"true\" aria-invalid=\"false\" value=\"\" type=\"email\" name=\"your-email\" \/><\/span> <\/label>\n\n<label> Su N\u00ba de Telefono:\n<span class=\"wpcf7-form-control-wrap\" data-name=\"tel-758\"><input size=\"40\" maxlength=\"9\" minlength=\"9\" class=\"wpcf7-form-control wpcf7-tel wpcf7-text wpcf7-validates-as-tel\" aria-invalid=\"false\" placeholder=\"928774181\" value=\"\" type=\"tel\" name=\"tel-758\" \/><\/span><\/label>\n\n<label> Asunto\n    <span class=\"wpcf7-form-control-wrap\" data-name=\"your-subject\"><input size=\"40\" maxlength=\"400\" class=\"wpcf7-form-control wpcf7-text wpcf7-validates-as-required\" aria-required=\"true\" aria-invalid=\"false\" value=\"\" type=\"text\" name=\"your-subject\" \/><\/span> <\/label>\n\n<label> Su mensaje de Presentaci\u00f3n (opcional)\n    <span class=\"wpcf7-form-control-wrap\" data-name=\"your-message\"><textarea cols=\"40\" rows=\"10\" maxlength=\"2000\" class=\"wpcf7-form-control wpcf7-textarea\" aria-invalid=\"false\" name=\"your-message\"><\/textarea><\/span> <\/label>\n\n<label> Adjunta tu Curriculum (Importante) <\/label>\n\n<span class=\"wpcf7-form-control-wrap\" data-name=\"archivos\"><input size=\"40\" class=\"wpcf7-form-control wpcf7-drag-n-drop-file d-none\" aria-invalid=\"false\" type=\"file\" multiple=\"multiple\" data-name=\"archivos\" data-type=\"jpg|jpeg|pdf|png\" data-id=\"1114\" data-version=\"free version 1.3.9.6\" accept=\".jpg, .jpeg, .pdf, .png\" \/><\/span>\n\n<span class=\"wpcf7-form-control-wrap\" data-name=\"acceptance-861\"><span class=\"wpcf7-form-control wpcf7-acceptance optional\"><span class=\"wpcf7-list-item\"><label><input type=\"checkbox\" name=\"acceptance-861\" value=\"1\" aria-invalid=\"false\" \/><span class=\"wpcf7-list-item-label\">He le\u00eddo y Acepto las condiciones,<\/span><\/label><\/span><\/span><\/span> <a href=\"https:\/\/hoteleuropalace.com\/oficina\/rgpd-curriculum-vitae-recursos-humanos\/\" target=\"_blank\"><b><u>Permite usted el uso de sus datos<\/u><\/b><\/a>\n<br>\n<input class=\"wpcf7-form-control wpcf7-submit has-spinner\" type=\"submit\" value=\"Enviar\" \/><div class=\"wpcf7-response-output\" aria-hidden=\"true\"><\/div>\n<\/form>\n<\/div>\n\n\n\n\n<h2 class=\"wp-block-heading\">Leer antes del env\u00edo de su curr\u00edculum.<\/h2>\n\n\n\n<details class=\"wp-block-details is-layout-flow wp-block-details-is-layout-flow\"><summary><strong>RGPD CURRICULUM VITAE \/ RECURSOS HUMANOS<\/strong><\/summary>\n<p>Le Informamos, que, de conformidad con Ia Ley 15\/1999, de 13 de diciembre, de protecci\u00f3n de datos de car\u00e1cter personal (en adelante LOPD), los datos personales que nos facilita por medio del env\u00edo de su curriculum vitae, as\u00ed como los que en su caso se generen como consecuencia de su participaci\u00f3n en procesos selectivos, quedar\u00e1n almacenados en un tratamiento de datos personales responsabilidad de Euro Apart,S.L.U, con domicilio en C\/ Hamburgo, n\u00ba 12 \u2014 CP 35100 Playa del Ingl\u00e9s, Gran Canaria con la finalidad de analizar su perfil profesional a los efectos de hacerla participe en los procesos de selecci\u00f3n que se desarrollen en Euro Apart,S.L.U. a la vista de los puestos vacantes o de nueva creaci\u00f3n que se originen peri\u00f3dicamente.<\/p>\n\n\n\n<p>La remisi\u00f3n de su curriculum y el tratamiento de los datos personales que nos comunica tienen car\u00e1cter voluntario. A tales efectos, Euro Apart,S.L.U. entender\u00e1 otorgado su consentimiento al tratamiento de sus datos personales de acuerdo con la finalidad antedicha, si en el plazo de treinta d\u00edas usted no se pronuncia en contrario mediante la llamada a nuestro tel\u00e9fono 928 77 41 81 o comunicaci\u00f3n al respecto.<\/p>\n\n\n\n<p>Usted puede oponerse en cualquier momento al tratamiento as\u00ed como revocar el consentimiento prestado y ejercitar los derechos de acceso, y cancelaci\u00f3n mediante escrito dirigido a la direcci\u00f3n anteriormente indicada en los t\u00e9rminos previstos en la normativa aplicable.<\/p>\n\n\n\n<p>Le rogamos que con el fin de mantener la informaci\u00f3n debidamente actualizada, nos comunique cualquier cambio sobre la informaci\u00f3n de su curriculum vitae.<\/p>\n\n\n\n<p><strong>INFORMACI\u00d3N ART. 13 Y 14 RGPD CURRICULUM VITAE \/ RECURSOS HUMANOS<\/strong><\/p>\n\n\n\n<p><strong>RESPONSABLE DEL TRATAMIENTO<\/strong><\/p>\n\n\n\n<p>Direcci\u00f3n: Calle Hamburgo (Edificio Europalace), 12<\/p>\n\n\n\n<p>Tel\u00e9fono: 928 77 41 81, Email: administracion@hoteleuropalace.com<\/p>\n\n\n\n<p>RESPONSABLE: EURO APART SLU, NIF\/CIF: B35077072<\/p>\n\n\n\n<p><strong>Delegado de Protecci\u00f3n de Datos:<\/strong><\/p>\n\n\n\n<p>CONTACTO: administracion@hoteleuropalace.com<\/p>\n\n\n\n<p><strong>FINALIDAD DEL TRATAMIENTO<\/strong><\/p>\n\n\n\n<p>En EURO APART SLU tratamos la informaci\u00f3n que nos facilita con el fin de llevar a cabo una selecci\u00f3n de personal y de que el solicitante participe en los procesos selectivos laborales de la empresa.<\/p>\n\n\n\n<p>Los datos personales proporcionados se conservar\u00e1n, mientras se mantenga su consentimiento y no se solicite su supresi\u00f3n por el interesado, durante un plazo de 2 a\u00f1os a partir de su consentimiento.<\/p>\n\n\n\n<p>No se elabora ning\u00fan perfil comercial a partir de esta informaci\u00f3n.<\/p>\n\n\n\n<p><strong>LEGITIMACI\u00d3N DEL TRATAMIENTO<\/strong><\/p>\n\n\n\n<p>La base legal para el tratamiento de sus datos est\u00e1 basada en el consentimiento que se le solicita. Existe la obligaci\u00f3n de facilitar los datos de car\u00e1cter personal o, en caso contrario, no podr\u00e1 entrar en el proceso de selecci\u00f3n de personal.<br>Existe la obligaci\u00f3n de facilitar los datos de car\u00e1cter personal o, en caso contrario, no podr\u00e1 participar en el proceso selectivo de la Entidad.<\/p>\n\n\n\n<p><strong>DESTINATARIOS (CESIONES O TRANSFERENCIAS)<\/strong><\/p>\n\n\n\n<p>No se ceder\u00e1n datos a terceros, salvo obligaci\u00f3n legal.<\/p>\n\n\n\n<p>No hay previsi\u00f3n de transferencia de datos a terceros pa\u00edses. No se toman decisiones de adecuaci\u00f3n, garant\u00edas, normas corporativas vinculantes o situaciones espec\u00edficas aplicables.<\/p>\n\n\n\n<p><strong>DERECHOS DE LOS INTERESADOS O AFECTADOS<\/strong><\/p>\n\n\n\n<p>Cualquier persona tiene derecho a obtener confirmaci\u00f3n sobre si en EURO APART SLU estamos tratando datos personales que les conciernen. Las personas interesadas tienen derecho a acceder a sus datos personales, as\u00ed como a solicitar la rectificaci\u00f3n de los datos inexactos, o en su caso, solicitar la supresi\u00f3n cuando, entre otros motivos, los datos ya no sean necesarios para los fines que fueron recogidos. En determinadas circunstancias, los interesados podr\u00e1n solicitar la limitaci\u00f3n del tratamiento de sus datos, en cuyo caso \u00fanicamente lo conservaremos para el ejercicio o la defensa de reclamaciones.<\/p>\n\n\n\n<p>Usted tiene derecho a presentar una Reclamaci\u00f3n ante la Autoridad de Control: Agencia Espa\u00f1ola de Protecci\u00f3n de Datos (www.agpd.es).<\/p>\n\n\n\n<p><strong>PROCEDENCIA DE LOS DATOS:    El propio interesado.<\/strong><\/p>\n<\/details>\n\n\n\n<p><\/p>\n\n\n\n<p><\/p>\n","protected":false},"excerpt":{"rendered":"<p>Si deseas hacernos llegar tu curr\u00edculo al responsable de recursos humanos de administraci\u00f3n del Hotel Europalace, usa el siguiente formulario. Leer antes del env\u00edo de su curr\u00edculum.<\/p>\n","protected":false},"author":1,"featured_media":0,"parent":0,"menu_order":0,"comment_status":"closed","ping_status":"closed","template":"","meta":{"_themeisle_gutenberg_block_has_review":false,"footnotes":""},"class_list":["post-1367","page","type-page","status-publish","hentry"],"_links":{"self":[{"href":"https:\/\/hoteleuropalace.com\/oficina\/wp-json\/wp\/v2\/pages\/1367","targetHints":{"allow":["GET"]}}],"collection":[{"href":"https:\/\/hoteleuropalace.com\/oficina\/wp-json\/wp\/v2\/pages"}],"about":[{"href":"https:\/\/hoteleuropalace.com\/oficina\/wp-json\/wp\/v2\/types\/page"}],"author":[{"embeddable":true,"href":"https:\/\/hoteleuropalace.com\/oficina\/wp-json\/wp\/v2\/users\/1"}],"replies":[{"embeddable":true,"href":"https:\/\/hoteleuropalace.com\/oficina\/wp-json\/wp\/v2\/comments?post=1367"}],"version-history":[{"count":2,"href":"https:\/\/hoteleuropalace.com\/oficina\/wp-json\/wp\/v2\/pages\/1367\/revisions"}],"predecessor-version":[{"id":1793,"href":"https:\/\/hoteleuropalace.com\/oficina\/wp-json\/wp\/v2\/pages\/1367\/revisions\/1793"}],"wp:attachment":[{"href":"https:\/\/hoteleuropalace.com\/oficina\/wp-json\/wp\/v2\/media?parent=1367"}],"curies":[{"name":"wp","href":"https:\/\/api.w.org\/{rel}","templated":true}]}}